{"id":1197,"date":"2018-08-06T14:27:01","date_gmt":"2018-08-06T12:27:01","guid":{"rendered":"http:\/\/staging.altrich.de\/?page_id=1197"},"modified":"2022-08-26T08:09:36","modified_gmt":"2022-08-26T06:09:36","slug":"kita","status":"publish","type":"page","link":"https:\/\/www.altrich.de\/index.php\/kita\/","title":{"rendered":"Kita"},"content":{"rendered":"<div id='full_slider_1'  class='avia-fullwidth-slider main_color avia-shadow   avia-builder-el-0  el_before_av_section  avia-builder-el-first   container_wrap fullsize' style=' '  ><div   data-size='featured'  data-lightbox_size='large'  data-animation='slide'  data-conditional_play=''  data-ids='1201'  data-video_counter='0'  data-autoplay='false'  data-bg_slider='false'  data-slide_height=''  data-handle='av_slideshow_full'  data-interval='5'  data-class=' '  data-el_id=''  data-css_id=''  data-scroll_down=''  data-control_layout='av-control-default'  data-custom_markup=''  data-perma_caption=''  data-autoplay_stopper=''  data-image_attachment=''  data-min_height='0px'  data-src=''  data-position='top left'  data-repeat='no-repeat'  data-attach='scroll'  data-stretch=''  data-default-height='28.666666666667'  class='avia-slideshow avia-slideshow-1  av-control-default av-default-height-applied avia-slideshow-featured av_slideshow_full   avia-slide-slider '  itemprop=\"image\" itemscope=\"itemscope\" itemtype=\"https:\/\/schema.org\/ImageObject\" ><ul class='avia-slideshow-inner ' style='padding-bottom: 28.682170542636%;' ><li  class=' av-single-slide slide-1 ' ><div data-rel='slideshow-1' class='avia-slide-wrap '   ><img src='https:\/\/www.altrich.de\/wp-content\/uploads\/2018\/08\/a-kita3-e1541939898259.jpg' width='645' height='185' title='a-kita3' alt=''  itemprop=\"thumbnailUrl\"   \/><\/div><\/li><\/ul><\/div><\/div>\n<div id='av_section_1'  class='avia-section main_color avia-section-default avia-no-shadow  avia-bg-style-scroll  avia-builder-el-1  el_after_av_slideshow_full  el_before_av_section   container_wrap fullsize' style='background-color: #ffffff;  '  ><div class='container' ><div class='template-page content  av-content-full alpha units'><div class='post-entry post-entry-type-page post-entry-1197'><div class='entry-content-wrapper clearfix'>\n<div  style='padding-bottom:19px; ' class='av-special-heading av-special-heading-h2  blockquote modern-quote modern-centered  avia-builder-el-2  el_before_av_two_fifth  avia-builder-el-first  '><h2 class='av-special-heading-tag '  itemprop=\"headline\"  >Kindertagesst\u00e4tte Sternschnuppe<\/h2><div class='special-heading-border'><div class='special-heading-inner-border' ><\/div><\/div><\/div>\n<div class=\"flex_column av_two_fifth  flex_column_div av-zero-column-padding first  avia-builder-el-3  el_after_av_heading  el_before_av_three_fifth  \" style='border-radius:0px; '><p><section class=\"av_textblock_section \"  itemscope=\"itemscope\" itemtype=\"https:\/\/schema.org\/CreativeWork\" ><div class='avia_textblock  '   itemprop=\"text\" ><p><img loading=\"lazy\" decoding=\"async\" class=\"alignnone size-full wp-image-653 aligncenter\" src=\"https:\/\/www.altrich.de\/wp-content\/uploads\/2018\/01\/csm_Logo_7752d8afee.jpg\" alt=\"\" width=\"300\" height=\"313\" srcset=\"https:\/\/www.altrich.de\/wp-content\/uploads\/2018\/01\/csm_Logo_7752d8afee.jpg 300w, https:\/\/www.altrich.de\/wp-content\/uploads\/2018\/01\/csm_Logo_7752d8afee-288x300.jpg 288w\" sizes=\"auto, (max-width: 300px) 100vw, 300px\" \/><\/p>\n<p class=\"bodytext\">Kindertagesst\u00e4tte Sternschnuppe<br \/>\nSchulstra\u00dfe 1<br \/>\n54518 Altrich<\/p>\n<p class=\"bodytext\">Email: <a href=\"mailto:kita@altrich.de\">kita@altrich.de<\/a><br \/>\nTelefon: 06571-5950<\/p>\n<hr \/>\n<\/div><\/section><br \/>\n<div id='av-masonry-1' class='av-masonry  noHover av-fixed-size av-large-gap av-hover-overlay-active av-masonry-animation-active av-masonry-col-2 av-caption-always av-caption-style- av-masonry-gallery     '  ><div class='av-masonry-container isotope av-js-disabled ' ><div class='av-masonry-entry isotope-item av-masonry-item-no-image '><\/div><a href=\"https:\/\/www.altrich.de\/wp-content\/uploads\/2018\/08\/stern5.jpg\" id='av-masonry-1-item-1205' data-av-masonry-item='1205' class='av-masonry-entry isotope-item post-1205 attachment type-attachment status-inherit hentry  av-masonry-item-with-image' title=\"stern5\"  itemprop=\"thumbnailUrl\" ><div class='av-inner-masonry-sizer'><\/div><figure class='av-inner-masonry main_color'><div class=\"av-masonry-outerimage-container\"><div class=\"av-masonry-image-container\" style=\"background-image: url(https:\/\/www.altrich.de\/wp-content\/uploads\/2018\/08\/stern5-705x505.jpg);\" title=\"stern5\" ><\/div><\/div><\/figure><\/a><!--end av-masonry entry--><a href=\"https:\/\/www.altrich.de\/wp-content\/uploads\/2018\/08\/kita3.jpg\" id='av-masonry-1-item-1208' data-av-masonry-item='1208' class='av-masonry-entry isotope-item post-1208 attachment type-attachment status-inherit hentry  av-masonry-item-with-image' title=\"kita3\"  itemprop=\"thumbnailUrl\" ><div class='av-inner-masonry-sizer'><\/div><figure class='av-inner-masonry main_color'><div class=\"av-masonry-outerimage-container\"><div class=\"av-masonry-image-container\" style=\"background-image: url(https:\/\/www.altrich.de\/wp-content\/uploads\/2018\/08\/kita3-705x529.jpg);\" title=\"kita3\" ><\/div><\/div><\/figure><\/a><!--end av-masonry entry--><a href=\"https:\/\/www.altrich.de\/wp-content\/uploads\/2018\/08\/kita4.jpg\" id='av-masonry-1-item-1209' data-av-masonry-item='1209' class='av-masonry-entry isotope-item post-1209 attachment type-attachment status-inherit hentry  av-masonry-item-with-image' title=\"kita4\"  itemprop=\"thumbnailUrl\" ><div class='av-inner-masonry-sizer'><\/div><figure class='av-inner-masonry main_color'><div class=\"av-masonry-outerimage-container\"><div class=\"av-masonry-image-container\" style=\"background-image: url(https:\/\/www.altrich.de\/wp-content\/uploads\/2018\/08\/kita4-705x529.jpg);\" title=\"kita4\" ><\/div><\/div><\/figure><\/a><!--end av-masonry entry--><a href=\"https:\/\/www.altrich.de\/wp-content\/uploads\/2020\/01\/IMG-20190930-WA0002.jpg\" id='av-masonry-1-item-2255' data-av-masonry-item='2255' class='av-masonry-entry isotope-item post-2255 attachment type-attachment status-inherit hentry  av-masonry-item-with-image' title=\"IMG-20190930-WA0002\"  itemprop=\"thumbnailUrl\" ><div class='av-inner-masonry-sizer'><\/div><figure class='av-inner-masonry main_color'><div class=\"av-masonry-outerimage-container\"><div class=\"av-masonry-image-container\" style=\"background-image: url(https:\/\/www.altrich.de\/wp-content\/uploads\/2020\/01\/IMG-20190930-WA0002-549x705.jpg);\" title=\"IMG-20190930-WA0002\" ><\/div><\/div><\/figure><\/a><!--end av-masonry entry--><\/div><\/div><\/p><\/div><div class=\"flex_column av_three_fifth  flex_column_div av-zero-column-padding   avia-builder-el-6  el_after_av_two_fifth  avia-builder-el-last  \" style='border-radius:0px; '><section class=\"av_textblock_section \"  itemscope=\"itemscope\" itemtype=\"https:\/\/schema.org\/CreativeWork\" ><div class='avia_textblock  '   itemprop=\"text\" ><p class=\"bodytext\">Liebe interessierte Besucher,<\/p>\n<p class=\"bodytext\">besonders in der heutigen Zeit wird es immer wichtiger einen Ort zum Wohlf\u00fchlen zu finden. Unsere KiTa m\u00f6chte f\u00fcr Kinder und Eltern solch ein Ort sein. Wir arbeiten nach einem teiloffenen Konzept, dass den Kindern viele Freir\u00e4ume bietet, aber auch feste Strukturen.<\/p>\n<p class=\"bodytext\">Ich w\u00fcnsche Ihnen viel Spa\u00df beim Lesen und lade Sie ein, das Mitarbeiterteam und die KiTa kennenzulernen.<\/p>\n<p class=\"bodytext\"><em>Rebecca Seemann<\/em><br \/>\nLeiterin der Kindertagesst\u00e4tte<\/p>\n<hr \/>\n<p class=\"bodytext\">Es ist uns wichtig, dass die zur Verf\u00fcgung stehenden R\u00e4umlichkeiten f\u00fcr die Kinder ein Umfeld bieten, in dem sie sich wohlf\u00fchlen. Wichtiger als R\u00e4umlichkeiten, sind aber die Erzieherinnen, die Ihr Kind in der Tagesst\u00e4tte betreuen, f\u00f6rdern und fordern.\u00a0Auf den folgenden Seiten stellt das Team der KiTa Sternschnuppe\u00a0u. a. die Schwerpunkte der p\u00e4dagogischen Arbeit vor.<\/p>\n<p class=\"bodytext\">Liebe Eltern, Vertrauen und Offenheit bilden die Basis f\u00fcr ein gutes Miteinander. Durch diese partnerschaftliche Gemeinschaft wird die positive Entwicklung Ihres Kindes gew\u00e4hrleistet.<\/p>\n<p class=\"bodytext\">Ich lade Sie im Namen der Ortsgemeinde herzlich ein, die Mitarbeiterinnen pers\u00f6nlich kennen zu lernen und mit ihnen \u00fcber die Arbeit in der KiTa zu sprechen, sich die R\u00e4umlichkeiten anzusehen, im Au\u00dfengel\u00e4nde herumzugehen und so die positive Atmonsph\u00e4re des Hauses zu sp\u00fcren.<\/p>\n<p class=\"bodytext\"><i>Sylvia Stoffel-Leuchter, Ortsb\u00fcrgermeisterin<\/i><\/p>\n<p class=\"bodytext\">Anfragen jederzeit gerne unter <a href=\"mailto:kita@altrich.de\">kita@altrich.de<\/a> oder Telefon 06571-5950.<\/p>\n<hr \/>\n<p class=\"bodytext\"><strong>Allgemeines:<\/strong><\/p>\n<ul>\n<li>4 Gruppen mit bis zu 25 Kindern<\/li>\n<li>\u00a01 Waldgruppe (n\u00e4here Infos hierzu erfragen Sie bitte in der KiTa)<\/li>\n<li>24 Pl\u00e4tze f\u00fcr 2j\u00e4hrige<\/li>\n<li>70 Ganztagspl\u00e4tze<\/li>\n<\/ul>\n<p class=\"bodytext\"><b>\u00d6ffnungszeiten:<\/b><\/p>\n<p><b><\/b><b>Regelplatz \/ <\/b>8:30 &#8211; 12:30 Uhr und 14:00 &#8211; 16:30 Uhr<br \/>\nBei Berufst\u00e4tigkeit beider Eltern bereits ab 7:15 Uhr.<br \/>\nflexible Abholphase von 12.00 &#8211; 12:30 Uhr<\/p>\n<p class=\"bodytext\"><b>Ganztagsplatz \/\u00a0 <\/b>7:15 &#8211; 16:30 Uhr<\/p>\n<\/div><\/section><\/div><\/div><\/div><\/div><!-- close content main div --><\/div><\/div><div id='av_section_2'  class='avia-section main_color avia-section-default avia-no-border-styling  avia-bg-style-fixed  avia-builder-el-8  el_after_av_section  el_before_av_section   av-minimum-height av-minimum-height-25  container_wrap fullsize' style='background-color: #ffffff; background-repeat: no-repeat; background-image: url(https:\/\/www.altrich.de\/wp-content\/uploads\/2018\/08\/kita_hg.jpg);background-attachment: fixed; background-position: center center;  '  data-section-bg-repeat='no-repeat' data-av_minimum_height_pc='25'><div class='av-section-color-overlay-wrap'><a href='#next-section' title='' class='scroll-down-link '  aria-hidden='true' data-av_icon='\ue877' data-av_iconfont='entypo-fontello'><\/a><div class='container' ><div class='template-page content  av-content-full alpha units'><div class='post-entry post-entry-type-page post-entry-1197'><div class='entry-content-wrapper clearfix'>\n<\/div><\/div><\/div><!-- close content main div --><\/div><\/div><\/div><div id='av_section_3'  class='avia-section main_color avia-section-default avia-no-shadow  avia-bg-style-scroll  avia-builder-el-9  el_after_av_section  avia-builder-el-last   container_wrap fullsize' style='background-color: #ffffff;  '  ><div class='container' ><div class='template-page content  av-content-full alpha units'><div class='post-entry post-entry-type-page post-entry-1197'><div class='entry-content-wrapper clearfix'>\n<div class=\"flex_column av_one_full  flex_column_div av-zero-column-padding first  avia-builder-el-10  avia-builder-el-no-sibling  \" style='border-radius:0px; '><section class=\"av_textblock_section \"  itemscope=\"itemscope\" itemtype=\"https:\/\/schema.org\/CreativeWork\" ><div class='avia_textblock  '   itemprop=\"text\" ><div class=\"rtbs rtbs_tab_ori rtbs_paedagogische-schwerpunkte\"><div class=\"rtbs_slug\" style=\"display:none\">paedagogische-schwerpunkte<\/div><div class=\"rtbs_inactive_tab_background\" style=\"display:none\">transparent<\/div><div class=\"rtbs_breakpoint\" style=\"display:none\">600<\/div><div class=\"rtbs_color\" style=\"display:none\">#e2bb1f<\/div>\r\n        <div class=\"rtbs_menu\">\r\n            <ul>\r\n                <li class=\"mobile_toggle\">&zwnj;<\/li><li class=\"current\"><a style=\"background:#e2bb1f\" class=\"active paedagogische-schwerpunkte-tab-link-0\" href=\"#\" data-tab=\"#paedagogische-schwerpunkte-tab-0\">P\u00e4dagogische Schwerpunkte<\/a><\/li><li><a href=\"#\" data-tab=\"#paedagogische-schwerpunkte-tab-1\" class=\"paedagogische-schwerpunkte-tab-link-1\">Unser Bild vom Kind<\/a><\/li><li><a href=\"#\" data-tab=\"#paedagogische-schwerpunkte-tab-2\" class=\"paedagogische-schwerpunkte-tab-link-2\">Tagesablauf<\/a><\/li><li><a href=\"#\" data-tab=\"#paedagogische-schwerpunkte-tab-3\" class=\"paedagogische-schwerpunkte-tab-link-3\">Partnerschaft mit Eltern<\/a><\/li><li><a href=\"#\" data-tab=\"#paedagogische-schwerpunkte-tab-4\" class=\"paedagogische-schwerpunkte-tab-link-4\">R\u00e4umlichkeiten und Spielbereiche<\/a><\/li>\r\n            <\/ul>\r\n        <\/div><div style=\"border-top:7px solid #e2bb1f;\" id=\"paedagogische-schwerpunkte-tab-0\" class=\"rtbs_content active\"><p class=\"bodytext\"><b>Bewegung <\/b><\/p>\n<p class=\"bodytext\"><b>Kita-Zeit = Bewegte Zeit<\/b><\/p>\n<p class=\"bodytext\">Kinder nehmen Ihre Umwelt als Bewegungswelt wahr. Besonders im Alter von 2 - 6 Jahren haben Kinder einen enormen Bet\u00e4tigungs- und Bewegungsdrang, der mit unaufh\u00f6rlichen Entdeckungen, Experimentieren und st\u00e4ndigen Erprobungen verbunden ist. Bewegung ist die Grundlage der kindlichen Entwicklung. Durch sie geht das Kind auf die Welt zu, erf\u00e4hrt diese sinnlich und k\u00f6rperlich und eignet sich dar\u00fcber Erkenntnisse \u00fcber sich selbst, die Umwelt und seine Mitmenschen an. Vor allem im bewegungsorientierten Spiel machen Kinder soziale Erfahrungen, l\u00f6sen Konflikte selbstst\u00e4ndig, lernen Absprachen zu treffen und Risiken einzusch\u00e4tzen. Sich bewegen hei\u00dft f\u00fcr das Kind vor allem auch spielen. Durch vielf\u00e4ltige Bewegungserfahrungen gewinnt das Kind zunehmend an Bewegungssicherheit und Selbstvertrauen.<\/p>\n<p class=\"bodytext\">In unserem Alltag haben die Kinder die M\u00f6glichkeit situative Bewegungsgelegenheiten wie z.B. das Spiel im Flur, im Bewegungsraum, auf dem Au\u00dfengel\u00e4nde und im Wald wahrzunehmen. Ebenso nehmen die Kinder an strukturierten Bewegungsangeboten wie z.B. Turnstunden ( 1x w\u00f6chentlich mindestens 45 Minuten) und Kreisspielen teil. Hierbei werden den Kindern gezielt neue Bewegungsm\u00f6glichkeiten aufgezeigt und Bewegungsanreize geschaffen.<\/p>\n<p class=\"bodytext\"><b>\"Bewegung ist das Tor zum Lernen\"<\/b> (Paul Dennison)<\/p>\n<div style=\"margin-top:30px; clear:both;\"><\/div><\/div><div style=\"border-top:7px solid #e2bb1f;\" id=\"paedagogische-schwerpunkte-tab-1\" class=\"rtbs_content\"><p class=\"bodytext\"><b>Leben ist Bewegung und ohne Bewegung findet Leben nicht statt.<\/b> (Moshe Feldenkrais)<\/p>\n<p class=\"bodytext\">Das Kind ist aktiver Gestalter seiner eigenen Entwicklung. Es eignet sich durch Bewegung, Neugier und Experimentierfreudigkeit die Umwelt mit allen Sinnen an. Hierbei sind vielf\u00e4ltige Bewegungserfahrungen wesentliches Mittel f\u00fcr den kindlichen Entwicklungsprozess.<\/p>\n<p class=\"bodytext\">Wir sehen das Kind als Individuum und geben ihm Raum und Zeit seine Pers\u00f6nlichkeit zu entfalten.<\/p>\n<p class=\"bodytext\">Schritt f\u00fcr Schritt reift das Kind zu einem verantwortungsbewussten, willensstarken, beziehungsf\u00e4higen Menschen heran. Es lernt, dass sein Handeln Folgen hat \u2013 f\u00fcr sich, f\u00fcr seine Umwelt und f\u00fcr Andere.<\/p>\n<p class=\"bodytext\">Wir d\u00fcrfen es dabei ein St\u00fcck seines Weges begleiten.<\/p>\n<div style=\"margin-top:30px; clear:both;\"><\/div><\/div><div style=\"border-top:7px solid #e2bb1f;\" id=\"paedagogische-schwerpunkte-tab-2\" class=\"rtbs_content\"><div id=\"c156\" class=\"csc-default\">\n<p class=\"bodytext\">Der Tagesablauf in unserer Kindertagesst\u00e4tte kann sich durch besondere Vorkommnisse, wie Veranstaltungen etc. ver\u00e4ndern. Dennoch f\u00fcr Sie nachfolgend der in der Konzeption verankerte Tagesablauf.<\/p>\n<p class=\"bodytext\"><a class=\"download\" title=\"Leitet Herunterladen der Datei ein\" href=\"https:\/\/www.altrich.de\/wp-content\/uploads\/2018\/11\/KiTa-Tagesablauf-2018.pdf\" target=\"_blank\" rel=\"noopener\">Tagesablauf der KiTa Sternschnuppe<\/a>\u00a0<i class=\"fa fa-download \" ><\/i><\/p>\n<p class=\"bodytext\">Erg\u00e4nzend zum Tagesablauf gibt es diese Angebote:<\/p>\n<p class=\"bodytext\"><b>w\u00f6chentlich:<\/b><\/p>\n<ul>\n<li class=\"bodytext\">Naturexkursion<\/li>\n<li class=\"bodytext\">Walderlebnistag<\/li>\n<li class=\"bodytext\">Turnen<\/li>\n<li class=\"bodytext\">Fr\u00fchst\u00fcck<\/li>\n<li class=\"bodytext\">Maxitreff<\/li>\n<li class=\"bodytext\">Lesenachmittag<\/li>\n<li class=\"bodytext\">Parlament<\/li>\n<li class=\"bodytext\">Tanzen<\/li>\n<\/ul>\n<div id=\"c156\" class=\"csc-default\">\n<p class=\"bodytext\"><b>Besonderes:<\/b><\/p>\n<ul>\n<li class=\"bodytext\">Geburtstagsfeiern<\/li>\n<li class=\"bodytext\">Eltern-Kind Aktionen<\/li>\n<li class=\"bodytext\">Projekte<\/li>\n<li class=\"bodytext\">Feste im Jahreskreis<\/li>\n<\/ul>\n<\/div>\n<div id=\"c185\" class=\"csc-default\">\n<div class=\"csc-header csc-header-n2\"><strong>Gesunde Ern\u00e4hrung in der KiTa<\/strong><\/div>\n<div class=\"csc-textpic csc-textpic-intext-left\">\n<div class=\"csc-textpic-imagewrap\">\n<div class=\"csc-textpic-image csc-textpic-last\"><img loading=\"lazy\" decoding=\"async\" class=\"alignleft size-full wp-image-1224\" src=\"https:\/\/www.altrich.de\/wp-content\/uploads\/2018\/08\/csm_IMG_5027_5e8080e433.jpg\" alt=\"\" width=\"300\" height=\"225\" \/><\/div>\n<\/div>\n<div class=\"csc-textpic-text\">Ellen Merrem sorgt in unserer Kindertagesst\u00e4tte f\u00fcr ein gesundes und vollwertiges Mittagessen. Bei der Zubereitung des Essens werden neben regionalen Produkten besonders Vollwertprodukte ber\u00fccksichtigt. Die Freude der Kinder beim gemeinsamen Mittagstisch zeigt, dass gesundes Essen auch gut schmeckt.<\/div>\n<\/div>\n<\/div>\n<\/div>\n<div id=\"c185\" class=\"csc-default\">\n<div class=\"csc-textpic csc-textpic-intext-left\">\n<div class=\"csc-textpic-text\">\n<p class=\"bodytext\">\u00a0<\/p>\n<\/div>\n<\/div>\n<\/div>\n<div style=\"margin-top:30px; clear:both;\"><\/div><\/div><div style=\"border-top:7px solid #e2bb1f;\" id=\"paedagogische-schwerpunkte-tab-3\" class=\"rtbs_content\"><p class=\"bodytext\">Ein Kind in die Kindertagesst\u00e4tte zu bringen bedeutet f\u00fcr Eltern, ihr \u201eWertvollstes\u201c zun\u00e4chst fremden Personen anzuvertrauen.<\/p>\n<p class=\"bodytext\">Aus diesem Grund ist es uns wichtig, eine vertrauensvolle Beziehung zwischen Eltern, Kindern, Tr\u00e4ger und Mitarbeiter der Einrichtung aufzubauen. Dieses Vertrauen wirkt sich positiv auf die p\u00e4dagogische Arbeit mit den Kindern in der Kindertagesst\u00e4tte aus. Um eine optimale Entwicklung des Kindes zu gew\u00e4hrleisten, ist eine Erziehungs- und Bildungspartnerschaft zwischen Elternhaus und Einrichtung unerl\u00e4sslich. Hierbei sehen wir die Eltern als kompetente Fachleute f\u00fcr ihr Kind und begleiten sie in verschiedenen Entwicklungsphasen ihres Kindes. Gemeinsam wollen wir Methoden und L\u00f6sungsans\u00e4tze finden, um den pers\u00f6nlichen Entwicklungsprozess des Kindes zu unterst\u00fctzen. Eine wichtige Grundlage unserer Elternarbeit ist die gezielte Information \u00fcber alle Themen unserer Einrichtung.<\/p>\n<p class=\"bodytext\">Diese Informationen werden in unterschiedlichen Formen an die Eltern weitergegeben:<\/p>\n<ul>\n<li>\u00a0<b>Gespr\u00e4che zwischen Eltern und Erziehern:<\/b>\n<ul>\n<li>Gespr\u00e4che bei der Anmeldung und Aufnahme des Kindes<\/li>\n<li>Gespr\u00e4ch nach ca. 6 Wochen \u00fcber die Eingew\u00f6hnung des Kindes<\/li>\n<li>Entwicklungsgespr\u00e4che \u2013 1x j\u00e4hrlich (bei Bedarf \u00f6fter)<\/li>\n<li>T\u00fcr- und Angelgespr\u00e4che \u2013 beim Bringen und Abholen des Kindes<\/li>\n<li>Spontane Gespr\u00e4che bei Veranstaltungen und Elternabenden<\/li>\n<li>Hospitationen im Alltag, die zu jeder Zeit nach Absprache m\u00f6glich sind<\/li>\n<\/ul>\n<\/li>\n<li><b>Schriftliche Informationen und Umfragen:<\/b>\n<ul>\n<li>Konzeption unserer Einrichtung<\/li>\n<li>ABC Heft<\/li>\n<li>Kita-Zeitung (erscheint 3x j\u00e4hrlich)<\/li>\n<li>Elternbriefe<\/li>\n<li>Aush\u00e4nge in der Kindertagesst\u00e4tte<\/li>\n<li>Internet: <a href=\"http:\/\/www.altrich.de\/\" target=\"_blank\" rel=\"noopener\">www.altrich.de<\/a><\/li>\n<li>Abfrage der gew\u00fcnschten Betreuungszeiten (1x j\u00e4hrlich)<\/li>\n<li>Umfrage zur Zufriedenheit der Eltern (alle 3 Jahre)<\/li>\n<\/ul>\n<\/li>\n<\/ul>\n<p class=\"bodytext\">Aber auch der Austausch der Eltern untereinander ist f\u00fcr uns die Grundlage einer funktionierenden Erziehungs- und Bildungspartnerschaft. Aus diesem Grund bieten wir verschiedene Elternzusammenk\u00fcnfte an:<\/p>\n<ul>\n<li>Regelm\u00e4\u00dfige Informationsveranstaltung zur Bedeutung der Bewegung f\u00fcr die kindliche Entwicklung<\/li>\n<li>Elterncafe\u00b4<\/li>\n<li>Infoabend f\u00fcr die Eltern, deren Kinder im n\u00e4chsten Jahr die Kita besuchen werden<\/li>\n<li>Elternabende zu unterschiedlichen Themen (z.B. Wahl des Elternausschusses)<\/li>\n<li>Abende mit Referenten zu unterschiedlichen Themen<\/li>\n<li>Veranstaltungen und Feste<\/li>\n<li>Bastel- oder Spielnachmittage mit Ihrem Kind<\/li>\n<\/ul>\n<p class=\"bodytext\">Ebenso wichtig wie die Information und der Austausch mit den Eltern ist uns ihre Mitarbeit in der Einrichtung.<\/p>\n<p class=\"bodytext\">Eine besonders wichtige Aufgabe \u00fcbernimmt der Elternausschuss, der einmal j\u00e4hrlich von den Eltern gew\u00e4hlt wird. Dieser unterst\u00fctzt den Tr\u00e4ger und die Mitarbeiter in wesentlichen Fragen der Arbeit und steht Eltern als Ansprechpartner zur Verf\u00fcgung.<\/p>\n<p class=\"bodytext\">Aber auch andere M\u00f6glichkeiten, der Mitarbeit, k\u00f6nnen genutzt werden: \u00b7<\/p>\n<ul>\n<li>Redaktionskreis (Mithilfe beim Erstellen der Kita-Zeitung)<\/li>\n<li>Einbringen von verschiedenen Talenten (z.B. Backen mit Kindern, Turnen, Fu\u00dfball spielen o.\u00e4.)<\/li>\n<li>Mithilfe bei Veranstaltungen und Festen<\/li>\n<li>Eltern basteln f\u00fcr ihre Kinder ( z.B. Nikolausgeschenke o.\u00e4.)<\/li>\n<li>Eltern bauen f\u00fcr Ihre Kinder (z.B. Gestaltung des Au\u00dfengel\u00e4ndes)<\/li>\n<\/ul>\n<p class=\"bodytext\">Um in einer offenen und vertrauensvollen Partnerschaft mit den Eltern zu arbeiten, sind wir auf positive und negative Kritik, Ideen und Austausch seitens der Eltern angewiesen.<\/p>\n<div style=\"margin-top:30px; clear:both;\"><\/div><\/div><div style=\"border-top:7px solid #e2bb1f;\" id=\"paedagogische-schwerpunkte-tab-4\" class=\"rtbs_content\"><p class=\"bodytext\">In den R\u00e4umlichkeiten unserer Einrichtung k\u00f6nnen bis zu 100 Kinder im Alter von 2 Jahren bis zum Schuleintritt betreut werden.<\/p>\n<p>Erg\u00e4nzend k\u00f6nnen die Kinder eine Waldgruppe nutzen, die aktuell noch als Projekt l\u00e4uft, aber zuk\u00fcnftig als weitere Gruppe in das KiTa-Konzept fest integriert werden soll.<\/p>\n<p class=\"bodytext\">Jeder Gruppenraum ist so eingerichtet, dass die Kinder verschiedene Spielm\u00f6glichkeiten vorfinden:<\/p>\n<ul>\n<li class=\"bodytext\">M\u00f6glichkeit f\u00fcr Rollenspiele,\u00a0Mal- und Basteltische,\u00a0Leseecke, Baubereich, Puzzle und Gesellschaftsspiele. Hierbei ist es uns wichtig den Kindern verschiedene Alternativen zum Spiel am Tisch zu bieten z. B.: Kissen in der Leseecke,\u00a0mehrere Teppiche ,\u00a0kleine und gro\u00dfe Tische (z.B. Knietisch).<\/li>\n<\/ul>\n<p class=\"bodytext\">Durch Wechseln der R\u00e4umlichkeiten haben die Kinder jederzeit die M\u00f6glichkeit vielf\u00e4ltige Bewegungsformen auszuprobieren.<\/p>\n<p class=\"bodytext\">Wegweiser und Orientierungshilfe f\u00fcr Kinder und Erzieher bieten die in jedem Gruppenraum angebrachten Magnetw\u00e4nde.<\/p>\n<div style=\"margin-top:30px; clear:both;\"><\/div><\/div>\r\n    <\/div>\r\n    \n<\/div><\/section><\/div>\n\n","protected":false},"excerpt":{"rendered":"","protected":false},"author":1,"featured_media":0,"parent":0,"menu_order":0,"comment_status":"closed","ping_status":"closed","template":"","meta":{"footnotes":""},"class_list":["post-1197","page","type-page","status-publish","hentry"],"_links":{"self":[{"href":"https:\/\/www.altrich.de\/index.php\/wp-json\/wp\/v2\/pages\/1197","targetHints":{"allow":["GET"]}}],"collection":[{"href":"https:\/\/www.altrich.de\/index.php\/wp-json\/wp\/v2\/pages"}],"about":[{"href":"https:\/\/www.altrich.de\/index.php\/wp-json\/wp\/v2\/types\/page"}],"author":[{"embeddable":true,"href":"https:\/\/www.altrich.de\/index.php\/wp-json\/wp\/v2\/users\/1"}],"replies":[{"embeddable":true,"href":"https:\/\/www.altrich.de\/index.php\/wp-json\/wp\/v2\/comments?post=1197"}],"version-history":[{"count":33,"href":"https:\/\/www.altrich.de\/index.php\/wp-json\/wp\/v2\/pages\/1197\/revisions"}],"predecessor-version":[{"id":2638,"href":"https:\/\/www.altrich.de\/index.php\/wp-json\/wp\/v2\/pages\/1197\/revisions\/2638"}],"wp:attachment":[{"href":"https:\/\/www.altrich.de\/index.php\/wp-json\/wp\/v2\/media?parent=1197"}],"curies":[{"name":"wp","href":"https:\/\/api.w.org\/{rel}","templated":true}]}}