{"id":1313,"date":"2018-08-20T15:55:49","date_gmt":"2018-08-20T13:55:49","guid":{"rendered":"http:\/\/staging.altrich.de\/?page_id=1313"},"modified":"2026-03-05T08:31:04","modified_gmt":"2026-03-05T07:31:04","slug":"branchenverzeichnis","status":"publish","type":"page","link":"https:\/\/www.altrich.de\/index.php\/branchenverzeichnis\/","title":{"rendered":"Branchenverzeichnis"},"content":{"rendered":"<div id='full_slider_1'  class='avia-fullwidth-slider main_color avia-shadow   avia-builder-el-0  el_before_av_section  avia-builder-el-first   container_wrap fullsize' style=' '  ><div   data-size='no scaling'  data-lightbox_size='large'  data-animation='slide'  data-conditional_play=''  data-ids='1170'  data-video_counter='0'  data-autoplay='false'  data-bg_slider='false'  data-slide_height=''  data-handle='av_slideshow_full'  data-interval='5'  data-class=' '  data-el_id=''  data-css_id=''  data-scroll_down=''  data-control_layout='av-control-default'  data-custom_markup=''  data-perma_caption=''  data-autoplay_stopper=''  data-image_attachment=''  data-min_height='0px'  data-src=''  data-position='top left'  data-repeat='no-repeat'  data-attach='scroll'  data-stretch=''  class='avia-slideshow avia-slideshow-1  av-control-default av-default-height-applied avia-slideshow-no scaling av_slideshow_full   avia-slide-slider '  itemprop=\"image\" itemscope=\"itemscope\" itemtype=\"https:\/\/schema.org\/ImageObject\" ><ul class='avia-slideshow-inner ' style='padding-bottom: 28.666666666667%;' ><li  class=' av-single-slide slide-1 ' ><div data-rel='slideshow-1' class='avia-slide-wrap '   ><img src='https:\/\/www.altrich.de\/wp-content\/uploads\/2018\/08\/a-kirche-sommer.jpg' width='1500' height='430' title='a-kirche-sommer' alt=''  itemprop=\"thumbnailUrl\"   \/><\/div><\/li><\/ul><\/div><\/div>\n<div id='av_section_1'  class='avia-section main_color avia-section-default avia-no-border-styling  avia-bg-style-scroll  avia-builder-el-1  el_after_av_slideshow_full  avia-builder-el-last   container_wrap fullsize' style=' '  ><div class='container' ><div class='template-page content  av-content-full alpha units'><div class='post-entry post-entry-type-page post-entry-1313'><div class='entry-content-wrapper clearfix'>\n<div  style='padding-bottom:36px; ' class='av-special-heading av-special-heading-h2  blockquote modern-quote modern-centered  avia-builder-el-2  el_before_av_one_full  avia-builder-el-first  '><h2 class='av-special-heading-tag '  itemprop=\"headline\"  >Branchenverzeichnis<\/h2><div class='special-heading-border'><div class='special-heading-inner-border' ><\/div><\/div><\/div>\n<div class=\"flex_column av_one_full  flex_column_div av-zero-column-padding first  avia-builder-el-3  el_after_av_heading  el_before_av_one_half  \" style='border-radius:0px; '><section class=\"av_textblock_section \"  itemscope=\"itemscope\" itemtype=\"https:\/\/schema.org\/CreativeWork\" ><div class='avia_textblock  '   itemprop=\"text\" ><p style=\"text-align: center;\"><span style=\"font-size: 14pt;\">In der Gemeinde Altrich finden Sie Handwerker, Gewerbebetriebe, Dienstleister und Ferienwohnungen.<\/span><\/p>\n<\/div><\/section><\/div><div class=\"flex_column av_one_half  flex_column_div av-zero-column-padding first  avia-builder-el-5  el_after_av_one_full  el_before_av_one_half  column-top-margin\" style='border-radius:0px; '><section class=\"av_textblock_section \"  itemscope=\"itemscope\" itemtype=\"https:\/\/schema.org\/CreativeWork\" ><div class='avia_textblock  '   itemprop=\"text\" ><div class=\"wc-shortcodes-accordion wc-shortcodes-item wc-shortcodes-accordion-collapse wc-shortcodes-accordion-layout-box\" data-behavior=\"autoclose\" data-start-state=\"collapse\">\n<div class=\"wc-shortcodes-accordion-trigger \"><a href=\"#\">ARCHITEKTURB\u00dcRO<\/a><\/div>\n<div class=\"wc-shortcodes-accordion-content-wrapper\">\n<div class=\"wc-shortcodes-accordion-content wc-shortcodes-content\">\n<p><img loading=\"lazy\" decoding=\"async\" class=\"size-full wp-image-1331 alignnone\" src=\"https:\/\/www.altrich.de\/wp-content\/uploads\/2018\/08\/csm_Logo_Maisel_91757ee35a.jpg\" alt=\"\" width=\"162\" height=\"200\" \/><\/p>\n<ul>\n<li>Planungsb\u00fcro f\u00fcr Hochbau<\/li>\n<li>Wohn- und Gewerbeschau<\/li>\n<li>Neubau und Sanierung<\/li>\n<li>Energieeffizientes Bauen<\/li>\n<li>Denkmalschutz<\/li>\n<li>Beratung<\/li>\n<\/ul>\n<p class=\"bodytext\">Ihr Ansprechpartner: Gunnar Maisel<\/p>\n<div class=\"phone\"><i class=\"fa fa-phone-square \" ><\/i> \u00a0 06571 265767<\/div>\n<div class=\"fax\"><\/div>\n<div class=\"mail\"><i class=\"fa fa-envelope \" ><\/i>\u00a0 <a href=\"mailto:architekt_gbm@freenet.de\">architekt_gbm@freenet.de<\/a><br \/>\n<i class=\"fa fa-external-link \" ><\/i> \u00a0 <a href=\"http:\/\/www.altrich.de\/index.php?id=72\" target=\"_blank\" rel=\"noopener\">zur Website* <\/a><\/div>\n<\/div>\n<\/div>\n<div class=\"wc-shortcodes-accordion-trigger \"><a href=\"#\">ARNOLDI Fotodesign<\/a><\/div>\n<div class=\"wc-shortcodes-accordion-content-wrapper\">\n<div class=\"wc-shortcodes-accordion-content wc-shortcodes-content\">\n<p><img loading=\"lazy\" decoding=\"async\" class=\"size-full wp-image-1333 alignnone\" src=\"https:\/\/www.altrich.de\/wp-content\/uploads\/2018\/08\/LogoArnoldidesign.png\" alt=\"\" width=\"131\" height=\"54\" \/><\/p>\n<h3>Arnoldi Grafik- und Fotodesign<\/h3>\n<ul>\n<li>Prospekte, Brosch\u00fcren, Flyer<\/li>\n<li>Logos<\/li>\n<li>Industrie- und Werbefotografie<\/li>\n<li>Archiv mit Landschaftsfotos und Touristikfotos<\/li>\n<li>Fotos in besonderen Formaten f\u00fcr Websites<\/li>\n<li>60-Megapixel-Kamera und Studioblitzanlage<\/li>\n<li>Roll-Up-Displays, eigene Produktion<\/li>\n<li>Prints in Museumqualit\u00e4t bis DIN A0+<\/li>\n<\/ul>\n<p class=\"bodytext\"><i>Ihr Ansprechpartner: Christopher Arnoldi<\/i><\/p>\n<p class=\"bodytext\">Arnoldi Grafik- und Fotodesign<br \/>\nAckerpfad 15<\/p>\n<div class=\"mail\"><i class=\"fa fa-phone-square \" ><\/i>\u00a0\u00a0 06571 1599777<br \/>\n<i class=\"fa fa-envelope \" ><\/i>\u00a0\u00a0 <a href=\"mailto:bild@arnoldi-design.com\">bild@arnoldi-design.com<\/a><\/div>\n<div class=\"web\"><i class=\"fa fa-external-link \" ><\/i> \u00a0 <a href=\"http:\/\/www.arnoldi-design.com\/\" target=\"_blank\" rel=\"noopener\">www.arnoldi-design.com<\/a><\/div>\n<\/div>\n<\/div>\n<div class=\"wc-shortcodes-accordion-trigger \"><a href=\"#\">FERIENHAUS KRANICH<\/a><\/div>\n<div class=\"wc-shortcodes-accordion-content-wrapper\">\n<div class=\"wc-shortcodes-accordion-content wc-shortcodes-content\">\n<p><img loading=\"lazy\" decoding=\"async\" class=\"alignnone size-full wp-image-1341\" src=\"https:\/\/www.altrich.de\/wp-content\/uploads\/2018\/08\/csm_Ferienhaus_Kranich_b38158f348.jpg\" alt=\"\" width=\"200\" height=\"158\" \/><\/p>\n<h3>Ferienhaus Kranich<\/h3>\n<p class=\"bodytext\">In unserer Ferienwohnung (auch als G\u00e4stezimmer buchbar) finden 2-4 Personen eine gem\u00fctliche und ruhige Unterkunft. Zur Verf\u00fcgung steht ein Doppelzimmer, ein Zimmer mit Etagenbett und bei Bedarf kann der Wohnraum mit Sat.-TV auch zum Schlafraum umgewandelt werden. Ebenfalls vorhanden sind eine komplette Einbauk\u00fcche mit Essplatz und ein Badezimmer mit Dusche. Auf Wunsch servieren wir Ihnen auch gerne Fr\u00fchst\u00fcck.<\/p>\n<p class=\"bodytext\">Es besteht die M\u00f6glichkeit, Fahrr\u00e4der unterzustellen und im Sommer unsere gro\u00dfe Liegewiese mit Gartenteich und Grillplatz zu benutzen.<\/p>\n<div class=\"phone\"><i class=\"fa fa-phone-square \" ><\/i> \u00a0 06571 4893<br \/>\n<i class=\"fa fa-envelope \" ><\/i>\u00a0 <a href=\"mailto:agnes.mies@gmx.de\"> agnes.mies@gmx.de<\/a><br \/>\n<i class=\"fa fa-external-link \" ><\/i> \u00a0 <a href=\"http:\/\/www.ferienhaus-kranich.de\/\" target=\"_blank\" rel=\"noopener\">www.ferienhaus-kranich.de<\/a><\/div>\n<div class=\"phone\"><\/div>\n<div class=\"fax\"><\/div>\n<div class=\"web\"><\/div>\n<\/div>\n<\/div>\n<div class=\"wc-shortcodes-accordion-trigger \"><a href=\"#\">FERIENWOHNUNG EIFEL<\/a><\/div>\n<div class=\"wc-shortcodes-accordion-content-wrapper\">\n<div class=\"wc-shortcodes-accordion-content wc-shortcodes-content\">\n<p><a href=\"https:\/\/www.altrich.de\/wp-content\/uploads\/2026\/03\/fewo-eifel.jpg\"><img loading=\"lazy\" decoding=\"async\" class=\"alignnone wp-image-2940\" src=\"https:\/\/www.altrich.de\/wp-content\/uploads\/2026\/03\/fewo-eifel-300x225.jpg\" alt=\"\" width=\"200\" height=\"150\" srcset=\"https:\/\/www.altrich.de\/wp-content\/uploads\/2026\/03\/fewo-eifel-300x225.jpg 300w, https:\/\/www.altrich.de\/wp-content\/uploads\/2026\/03\/fewo-eifel-768x576.jpg 768w, https:\/\/www.altrich.de\/wp-content\/uploads\/2026\/03\/fewo-eifel-705x529.jpg 705w, https:\/\/www.altrich.de\/wp-content\/uploads\/2026\/03\/fewo-eifel.jpg 1000w\" sizes=\"auto, (max-width: 200px) 100vw, 200px\" \/><\/a><\/p>\n<h3>Ferienwohnung Mosel-Eifel in Altrich<\/h3>\n<p class=\"bodytext\">Herzlich willkommen in Altrich, dem kleinen Ort nahe Wittlich und Bernkastel. Wundersch\u00f6n gelegen in der Mosel-Eifel-Region mit guter Anbindung zum Maare-Mosel-Radweg, dem Lieserpfad, der \u00e4ltesten Stadt Deutschlands, Trier und vielen touristischen Attraktionen. Ob Radfahren, Wandern, Entspannen oder Sightseeing &#8211; von hier aus k\u00f6nnen Sie bestens starten.<\/p>\n<p class=\"bodytext\">Unsere Ferienwohnung wurde im Jahr 2017 komplett renoviert und verf\u00fcgt \u00fcber ein ger\u00e4umiges Schlafzimmer, einen modernen Wohn-Essebereich mit vollausgestatteter K\u00fcche einem Badezimmer mit Dusche und WC sowie einer sch\u00f6nen Terasse.<\/p>\n<p class=\"bodytext\">Ansprechpartnerin: Elisabeth Soppa<\/p>\n<p><i class=\"fa fa-phone-square \" ><\/i> \u00a0 06571 20487<br \/>\n<i class=\"fa fa-envelope \" ><\/i>\u00a0 <a href=\"mailto:e.soppa@gmx.de\">e.soppa@gmx.de<\/a><br \/>\n<i class=\"fa fa-external-link \" ><\/i> \u00a0 <a href=\"https:\/\/www.fewo-direkt.de\/ferienwohnung-ferienhaus\/p2659063\" target=\"_blank\" rel=\"noopener\">https:\/\/www.fewo-direkt.de\/ferienwohnung-ferienhaus\/<\/a><\/p>\n<div class=\"phone\"><\/div>\n<div class=\"fax\"><\/div>\n<div class=\"web\"><\/div>\n<\/div>\n<\/div>\n<div class=\"wc-shortcodes-accordion-trigger \"><a href=\"#\">FERIENWOHNUNG\/ G\u00c4STEZIMMER<\/a><\/div>\n<div class=\"wc-shortcodes-accordion-content-wrapper\">\n<div class=\"wc-shortcodes-accordion-content wc-shortcodes-content\">\n<p><img loading=\"lazy\" decoding=\"async\" class=\"alignnone size-full wp-image-1344\" src=\"https:\/\/www.altrich.de\/wp-content\/uploads\/2018\/08\/Sitzbereich_Aussen_Ferienwohnung_Traut.jpg\" alt=\"\" width=\"200\" height=\"150\" \/><\/p>\n<h3>Ferienwohnung\/G\u00e4stezimmer<\/h3>\n<p class=\"bodytext\">Wir bieten eine Erdgeschoss-Ferienwohnung mit seperatem Eingang, gut ausgestatteter K\u00fcche mit Mikrowelle\\Sp\u00fclmaschine, einem Wohnzimmer mit Schlafcouch Sat-TV,\u00a0 Stereoanlage und Internetanschlu\u00df. Neben dem Doppelschlafzimmer finden Sie ein BAD mit Du. wc. Ein weiteres Doppelschlafzimmer mit Sep. Bad kann zus\u00e4tzlich gebucht werden. Eine Terrasse\u00a0 mit Grill und angrenzender Liegewiese l\u00e4d zum Verweilen ein.<\/p>\n<p class=\"bodytext\">Auf Wusch bieten wir Ihnen auch ein Fr\u00fchst\u00fcckspaket. Viele weitere Informationen finden Sie auf unserer Internetseite.<\/p>\n<p><i class=\"fa fa-phone-square \" ><\/i> \u00a0 06571 4247<br \/>\n<i class=\"fa fa-envelope \" ><\/i>\u00a0 <a href=\"mailto:infos@fewo-traut.de\">infos@fewo-traut.de<\/a><br \/>\n<i class=\"fa fa-external-link \" ><\/i> \u00a0 <a href=\"http:\/\/www.fewo-traut.de\/\" target=\"_blank\" rel=\"noopener\">www.fewo-traut.de<\/a><\/p>\n<div class=\"phone\"><\/div>\n<div class=\"fax\"><\/div>\n<div class=\"web\"><\/div>\n<\/div>\n<\/div>\n<div class=\"wc-shortcodes-accordion-trigger \"><a href=\"#\">FRINGS TROCKENBAU<\/a><\/div>\n<div class=\"wc-shortcodes-accordion-content-wrapper\">\n<div class=\"wc-shortcodes-accordion-content wc-shortcodes-content\">\n<p><img loading=\"lazy\" decoding=\"async\" class=\"alignnone size-full wp-image-1345\" src=\"https:\/\/www.altrich.de\/wp-content\/uploads\/2018\/08\/csm_neues_Logo_Frings_f896c44764.jpg\" alt=\"\" width=\"200\" height=\"80\" \/><\/p>\n<h3>Frings Trockenbau GmbH &amp; Co. KG<\/h3>\n<p class=\"bodytext\">zus\u00e4tzlich Systemdecken, St\u00e4nderw\u00e4nde, Dachausbau, Edelputz<\/p>\n<p class=\"bodytext\">Ansprechpartner: Christian Frings<br \/>\nBorschrech 48<br \/>\n54518 Altrich<br \/>\nMobil: 0171 3572564<\/p>\n<p><i class=\"fa fa-phone-square \" ><\/i> \u00a0 06571 953082<br \/>\n<i class=\"fa fa-envelope \" ><\/i>\u00a0 <a href=\"mailto:info@frings-trockenbau.de\">info@frings-trockenbau.de<\/a><br \/>\n<i class=\"fa fa-external-link \" ><\/i> \u00a0 <a href=\"http:\/\/www.frings-trockenbau.de\/\" target=\"_blank\" rel=\"noopener\">www.frings-trockenbau.de<\/a><\/p>\n<div class=\"phone\"><\/div>\n<div class=\"fax\"><\/div>\n<div class=\"web\"><\/div>\n<\/div>\n<\/div>\n<div class=\"wc-shortcodes-accordion-trigger \"><a href=\"#\">GARTEN- UND LANDSCHAFTSPFLEGE<\/a><\/div>\n<div class=\"wc-shortcodes-accordion-content-wrapper\">\n<div class=\"wc-shortcodes-accordion-content wc-shortcodes-content\">\n<h3><span style=\"font-size: 14pt; font-family: georgia, palatino, serif;\"><strong><span style=\"color: #252525;\">Garten- und Landschaftspflege T. Brixius<\/span><\/strong><\/span><\/h3>\n<p>Ihre Au\u00dfenanlage in besten H\u00e4nden &#8211; professionelle Garten- und Landschaftspflege f\u00fcr dauerhaft gepflegte und attraktive Gr\u00fcnfl\u00e4chen und G\u00e4rten.<\/p>\n<p>Leistungen:<br \/>\n&#8211; Rasen m\u00e4hen und pflegen<br \/>\n&#8211; Hecken- und Strauchschnitt<br \/>\n&#8211; Baumf\u00e4llungen<br \/>\n&#8211; Freischneiderarbeiten (an Z\u00e4unen, Wegen, B\u00f6schungen, Weinbergen uvm.)<br \/>\n&#8211; Pflanzen- und Blumen setzen<br \/>\n&#8211; Unkrautentfernung<br \/>\n&#8211; Entsorgung von Gr\u00fcnschnitt und Gartenabf\u00e4llen<br \/>\n&#8211; saisonale Arbeiten (z.B. Laubentfernung)<\/p>\n<p>Kontaktieren Sie mich f\u00fcr Ihr unverbindliches Angebot &#8211; ich freue mich auf Ihr Projekt!<br \/>\nGarten- und Landschaftspflege T. Brixius<br \/>\nAndreasstra\u00dfe 71<br \/>\n54518 Altrich<br \/>\nTel.: 0171 1953144<br \/>\nMail: GaLapflegeTBrixius@web.de\n<\/p>\n<\/div>\n<\/div>\n<\/div>\n<hr \/>\n<h6>*Sie werden bei den Links mit den WebSites der Anbieter verbunden. Dadurch werden Ihre IP und evtl. weitere Daten an den Betreiber der Seite \u00fcbertragen. Diese k\u00f6nnen dort ausgewertet, gespeichert und weiter verwendet werden. Wenn Sie auf den Link klicken, sind Sie damit einverstanden. Wir haben auf die weitere Verwendung Ihrer pers\u00f6nlichen Daten bei der Zieladresse keinen Einfluss.<\/h6>\n<\/div><\/section><\/div><div class=\"flex_column av_one_half  flex_column_div av-zero-column-padding   avia-builder-el-7  el_after_av_one_half  el_before_av_hr  column-top-margin\" style='border-radius:0px; '><section class=\"av_textblock_section \"  itemscope=\"itemscope\" itemtype=\"https:\/\/schema.org\/CreativeWork\" ><div class='avia_textblock  '   itemprop=\"text\" ><div class=\"wc-shortcodes-accordion wc-shortcodes-item wc-shortcodes-accordion-collapse wc-shortcodes-accordion-layout-box\" data-behavior=\"autoclose\" data-start-state=\"collapse\">\n<div class=\"wc-shortcodes-accordion-trigger \"><a href=\"#\">ISOTEC ABDICHTUNGSTECHNIK<\/a><\/div>\n<div class=\"wc-shortcodes-accordion-content-wrapper\">\n<div class=\"wc-shortcodes-accordion-content wc-shortcodes-content\">\n<p><img loading=\"lazy\" decoding=\"async\" class=\"alignnone size-full wp-image-1346\" src=\"https:\/\/www.altrich.de\/wp-content\/uploads\/2018\/08\/csm_Isotec_6574c0ee32.jpg\" alt=\"\" width=\"200\" height=\"37\" \/><\/p>\n<h3>iSOTEC Abdichtungstechnik Werner Kappes<\/h3>\n<p class=\"bodytext\">Br\u00f6ckelnder Putz, ein nasser oder unangenehm riechender Keller, feuchte W\u00e4nde oder auch Schimmelbefall sind in Ihrem Haus zu einem Problem geworden?<\/p>\n<p class=\"bodytext\"><b>Dann sind Sie bei uns richtig!<\/b><\/p>\n<p class=\"bodytext\">Und jetzt sind es nur noch drei Schritte zum trockenen Haus:<\/p>\n<ol>\n<li class=\"bodytext\">Ursachenanalyse durch unseren Fachmann vor Ort<\/li>\n<li>Erstellen Ihres individuellen Sanierungskonzeptes<\/li>\n<li>Fachgerechte Sanierung der Schimmel- und Feuchtigkeitssch\u00e4den<\/li>\n<\/ol>\n<p class=\"bodytext\"><b>So sorgen wir f\u00fcr dauerhaft trockene Geb\u00e4ude und ein gesundes Wohnklima!<\/b><\/p>\n<p><i class=\"fa fa-phone-square \" ><\/i> \u00a0 06571 973897<br \/>\n<i class=\"fa fa-envelope \" ><\/i>\u00a0 <a href=\"mailto:kappes@isotec.de\">kappes@isotec.de<\/a><br \/>\n<i class=\"fa fa-external-link \" ><\/i> \u00a0 <a href=\"http:\/\/www.isotec.de\/\" target=\"_blank\" rel=\"noopener\">www.isotec.de<\/a><\/p>\n<div class=\"phone\"><\/div>\n<div class=\"fax\"><\/div>\n<div class=\"web\"><\/div>\n<\/div>\n<\/div>\n<div class=\"wc-shortcodes-accordion-trigger \"><a href=\"#\">KERAMIKWERKSTATT<\/a><\/div>\n<div class=\"wc-shortcodes-accordion-content-wrapper\">\n<div class=\"wc-shortcodes-accordion-content wc-shortcodes-content\">\n<p><img loading=\"lazy\" decoding=\"async\" class=\"alignnone size-full wp-image-1351\" src=\"https:\/\/www.altrich.de\/wp-content\/uploads\/2018\/08\/csm_Schemehl_c5ef7b8b16.jpg\" alt=\"\" width=\"200\" height=\"125\" \/><\/p>\n<h3>Keramikwerkstatt<\/h3>\n<p class=\"bodytext\">Gef\u00e4\u00dfe f\u00fcr Dinge, Gedanken und Gef\u00fchle &#8211; Keramik von Hildegard Schemehl<\/p>\n<p>Ich habe einen wundervollen Beruf &#8211; Keramikerin. Seit einigen Jahren verwirkliche ich nun schon meine Ideen in meiner eigenen Werkstatt. Die Keramik meiner Tr\u00e4ume w\u00e4re von allem etwas, Gef\u00e4\u00df, Bild, Skulptur, Struktur, Poesie, Musik, Tanz&#8230;, in einem. Manchmal gelingt es mir, diesen Traum an einem kleinen Zipfel zu packen. Keramik f\u00fcr Dinge, Gedanken und Gef\u00fchle.<\/p>\n<p>Ich arbeite allerdings auch gerne nach Ihren W\u00fcnschen.<\/p>\n<p class=\"bodytext\"><i>Hildegard Schemehl<br \/>\nB\u00fcscheid 16<br \/>\n54518 Altrich<\/i><\/p>\n<p><i class=\"fa fa-phone-square \" ><\/i> \u00a0 06571 149750<br \/>\n<i class=\"fa fa-envelope \" ><\/i>\u00a0 <a href=\"mailto:mail@schemehl.de\">mail@schemehl.de<\/a><br \/>\n<i class=\"fa fa-external-link \" ><\/i> \u00a0 <a href=\"http:\/\/www.schemehl.de\/\" target=\"_blank\" rel=\"noopener\">www.schemehl.de<\/a><\/p>\n<div class=\"phone\"><\/div>\n<div class=\"fax\"><\/div>\n<div class=\"web\"><\/div>\n<\/div>\n<\/div>\n<div class=\"wc-shortcodes-accordion-trigger \"><a href=\"#\">PUTZ UND STUCK BIEDLINGMEIER<\/a><\/div>\n<div class=\"wc-shortcodes-accordion-content-wrapper\">\n<div class=\"wc-shortcodes-accordion-content wc-shortcodes-content\">\n<p><img loading=\"lazy\" decoding=\"async\" class=\"alignnone size-full wp-image-1354\" src=\"https:\/\/www.altrich.de\/wp-content\/uploads\/2018\/08\/csm_Logo_Biedlingmaier_neu_1789df194e.jpg\" alt=\"\" width=\"200\" height=\"125\" \/><\/p>\n<h3>Putz und Stuck Biedlingmaier GmbH &amp; Co. KG<\/h3>\n<p class=\"bodytext\">Unser Leistungsspektrum in der \u00dcbersicht:<\/p>\n<ul>\n<li>Innenputz (Kalkzement, Gips)<\/li>\n<li>Innenraumgestaltung mit Stuckelementen, Strukturputzen, etc.<\/li>\n<li>Au\u00dfenputz in allen Fassetten, auch mit Vollw\u00e4rmeschutz<\/li>\n<li>Trockenbauarbeiten in Neu- und Altbauten<\/li>\n<li>Dachausbau &#8211; W\u00e4rmed\u00e4mmung &#8211; Akustik-, Brand- und Schallschutzma\u00dfnahmen<\/li>\n<\/ul>\n<p class=\"bodytext\">Ihr Ansprechpartner: Markus Arent<\/p>\n<p><i class=\"fa fa-phone-square \" ><\/i> \u00a0 06571 9738-38<br \/>\n<i class=\"fa fa-envelope \" ><\/i>\u00a0 <a href=\"mailto:markus.arent@biedlingmaier-putz.de\">markus.arent@biedlingmaier-putz.de<\/a><br \/>\n<i class=\"fa fa-external-link \" ><\/i> \u00a0 <a href=\"http:\/\/www.biedlingmaier-putz.de\/\" target=\"_blank\" rel=\"noopener\">www.biedlingmaier-putz.de<\/a><\/p>\n<div class=\"phone\"><\/div>\n<div class=\"fax\"><\/div>\n<div class=\"web\"><\/div>\n<\/div>\n<\/div>\n<div class=\"wc-shortcodes-accordion-trigger \"><a href=\"#\">SALON LAUTWEIN<\/a><\/div>\n<div class=\"wc-shortcodes-accordion-content-wrapper\">\n<div class=\"wc-shortcodes-accordion-content wc-shortcodes-content\">\n<p><img loading=\"lazy\" decoding=\"async\" class=\"alignnone size-full wp-image-1356\" src=\"https:\/\/www.altrich.de\/wp-content\/uploads\/2018\/08\/csm_Salon_Lautwein1_1cf8bfb9a4.jpg\" alt=\"\" width=\"200\" height=\"167\" \/><\/p>\n<h3>Salon Lautwein<\/h3>\n<p class=\"bodytext\">Ob eine neue Farbe, Str\u00e4hnen, eine Dauerwelle oder Ihren perfekten Schnitt &#8211; gemeinsam mit Ihnen finde wir Ihre Frisur seit 1963 in Altrich.<\/p>\n<p class=\"bodytext\">Wir begr\u00fc\u00dfen Sie gerne in unserem gem\u00fctlichen und entspannenden Ambiente. Bei einer Tasse Kaffee, Cappuccino oder einem Erfrischungsgetr\u00e4nk k\u00f6nnen Sie den Service in unserem Salon genie\u00dfen. Unsere Leistungen:<\/p>\n<ul>\n<li>Frisuren<\/li>\n<li>Kosmetik<\/li>\n<li>Fu\u00dfpflege<\/li>\n<li>Modeschmuck<\/li>\n<\/ul>\n<p class=\"bodytext\">Wir freuen uns auf Sie!<\/p>\n<p><i class=\"fa fa-phone-square \" ><\/i> \u00a0 06571 7846<br \/>\n<i class=\"fa fa-external-link \" ><\/i> \u00a0 <a href=\"http:\/\/www.salon-lautwein.de\/\" target=\"_blank\" rel=\"noopener\">www.salon-lautwein.de<\/a><\/p>\n<div class=\"phone\"><\/div>\n<div class=\"fax\"><\/div>\n<div class=\"web\"><\/div>\n<\/div>\n<\/div>\n<div class=\"wc-shortcodes-accordion-trigger \"><a href=\"#\">STUPPY HYGIENE PROFIS<\/a><\/div>\n<div class=\"wc-shortcodes-accordion-content-wrapper\">\n<div class=\"wc-shortcodes-accordion-content wc-shortcodes-content\">\n<div class=\"fax\"><a href=\"https:\/\/www.altrich.de\/wp-content\/uploads\/2026\/03\/Entw.-2-Anzeige-Stuppy-500x500px.jpg\"><img loading=\"lazy\" decoding=\"async\" class=\"alignnone size-medium wp-image-2946\" src=\"https:\/\/www.altrich.de\/wp-content\/uploads\/2026\/03\/Entw.-2-Anzeige-Stuppy-500x500px-300x300.jpg\" alt=\"\" width=\"300\" height=\"300\" srcset=\"https:\/\/www.altrich.de\/wp-content\/uploads\/2026\/03\/Entw.-2-Anzeige-Stuppy-500x500px-300x300.jpg 300w, https:\/\/www.altrich.de\/wp-content\/uploads\/2026\/03\/Entw.-2-Anzeige-Stuppy-500x500px-80x80.jpg 80w, https:\/\/www.altrich.de\/wp-content\/uploads\/2026\/03\/Entw.-2-Anzeige-Stuppy-500x500px-36x36.jpg 36w, https:\/\/www.altrich.de\/wp-content\/uploads\/2026\/03\/Entw.-2-Anzeige-Stuppy-500x500px-180x180.jpg 180w, https:\/\/www.altrich.de\/wp-content\/uploads\/2026\/03\/Entw.-2-Anzeige-Stuppy-500x500px.jpg 500w\" sizes=\"auto, (max-width: 300px) 100vw, 300px\" \/><\/a><\/div>\n<div>Klausener Stra\u00dfe 10<br \/>\n54518 Altrich<br \/>\nTel.: 06571 265487<br \/>\n<a href=\"http:\/\/www.stuppy-hygiene.de\" target=\"_blank\" rel=\"noopener\">www.stuppy-hygiene.de<\/a><\/div>\n<div class=\"web\"><\/div>\n<\/div>\n<\/div>\n<div class=\"wc-shortcodes-accordion-trigger \"><a href=\"#\">VITALIS WELLNESS &amp; FRISEUR STUDIO<\/a><\/div>\n<div class=\"wc-shortcodes-accordion-content-wrapper\">\n<div class=\"wc-shortcodes-accordion-content wc-shortcodes-content\">\n<p><img loading=\"lazy\" decoding=\"async\" class=\"alignnone size-full wp-image-1357\" src=\"https:\/\/www.altrich.de\/wp-content\/uploads\/2018\/08\/csm_Vitalis_Braband_8fbec4e87b.jpg\" alt=\"\" width=\"145\" height=\"200\" \/><\/p>\n<h3>Vitalis Wellness &amp; Friseur Studio<\/h3>\n<p class=\"bodytext\"><b>K\u00f6rper- und Gesichtsbehandlungen mit Naturkosmetik<\/b><\/p>\n<p class=\"bodytext\"><b>K\u00f6rperbehandlungen<\/b><\/p>\n<p class=\"bodytext\">Aroma Ganzk\u00f6rpermassage<br \/>\nHot Stone<br \/>\n&#8230;<\/p>\n<p class=\"bodytext\"><b>Gesichtsbehandlung<\/b><\/p>\n<p class=\"bodytext\">Verw\u00f6hnbehandlung<br \/>\n&#8230;<\/p>\n<p class=\"bodytext\"><b>Friseurstudio<\/b><br \/>\n&#8230;<\/p>\n<p class=\"bodytext\">sowie viele Zusatzbehandlungen<\/p>\n<p class=\"bodytext\"><b><i>Irene Braband<\/i><\/b><\/p>\n<p><i class=\"fa fa-phone-square \" ><\/i> \u00a0 06571 1495331<br \/>\n<i class=\"fa fa-envelope \" ><\/i>\u00a0 <a href=\"mailto:irenebraband@t-online.de\">irenebraband@t-online.de<\/a><\/p>\n<div class=\"phone\"><\/div>\n<div class=\"fax\"><\/div>\n<div class=\"web\"><\/div>\n<\/div>\n<\/div>\n<div class=\"wc-shortcodes-accordion-trigger \"><a href=\"#\">W. KAPPES<\/a><\/div>\n<div class=\"wc-shortcodes-accordion-content-wrapper\">\n<div class=\"wc-shortcodes-accordion-content wc-shortcodes-content\">\n<p><img loading=\"lazy\" decoding=\"async\" class=\"alignnone size-full wp-image-1358\" src=\"https:\/\/www.altrich.de\/wp-content\/uploads\/2018\/08\/kappes.jpg\" alt=\"\" width=\"150\" height=\"85\" \/><\/p>\n<h3>W. Kappes GmbH<\/h3>\n<p class=\"bodytext\">Wir sind bekannt und gefragt als Fachleute und K\u00fcmmerer f\u00fcr Neubau-, Umbau- und Sanierungsvorhaben jeglicher Gr\u00f6\u00dfenordnung.<\/p>\n<p class=\"bodytext\">Getreu unserem Motto<\/p>\n<p class=\"bodytext\"><b>&#8222;Nutzen Sie unseren Kundendienst. Wir k\u00fcmmern uns auch um Kleinigkeiten&#8220;<\/b><\/p>\n<p class=\"bodytext\">haben wir f\u00fcr Sie die richtigen, motivierten und mutigen Leute am richtigen Ort.<\/p>\n<p><i class=\"fa fa-phone-square \" ><\/i> \u00a0 06571- 9738-0<br \/>\n<i class=\"fa fa-envelope \" ><\/i>\u00a0 <a href=\"mailto:kappes@kappes-bau.de\">kappes@kappes-bau.de<\/a><br \/>\n<i class=\"fa fa-external-link \" ><\/i> \u00a0 <a href=\"http:\/\/www.kappes-bau.de\/\" target=\"_blank\" rel=\"noopener\">www.kappes-bau.de<\/a><\/p>\n<div class=\"phone\"><\/div>\n<div class=\"fax\"><\/div>\n<div class=\"web\"><\/div>\n<\/div>\n<\/div>\n<\/div>\n<hr \/>\n<h6>*Sie werden bei den Links mit den WebSites der Anbieter verbunden. Dadurch werden Ihre IP und evtl. weitere Daten an den Betreiber der Seite \u00fcbertragen. Diese k\u00f6nnen dort ausgewertet, gespeichert und weiter verwendet werden. Wenn Sie auf den Link klicken, sind Sie damit einverstanden. Wir haben auf die weitere Verwendung Ihrer pers\u00f6nlichen Daten bei der Zieladresse keinen Einfluss.<\/h6>\n<\/div><\/section><\/div><div  style=' margin-top:; margin-bottom:10px;'  class='hr hr-custom hr-center hr-icon-no   avia-builder-el-9  el_after_av_one_half  avia-builder-el-last '><span class='hr-inner   inner-border-av-border-none' style=' width:50px;' ><span class='hr-inner-style'><\/span><\/span><\/div>\n\n","protected":false},"excerpt":{"rendered":"","protected":false},"author":1,"featured_media":0,"parent":0,"menu_order":0,"comment_status":"closed","ping_status":"closed","template":"","meta":{"footnotes":""},"class_list":["post-1313","page","type-page","status-publish","hentry"],"_links":{"self":[{"href":"https:\/\/www.altrich.de\/index.php\/wp-json\/wp\/v2\/pages\/1313","targetHints":{"allow":["GET"]}}],"collection":[{"href":"https:\/\/www.altrich.de\/index.php\/wp-json\/wp\/v2\/pages"}],"about":[{"href":"https:\/\/www.altrich.de\/index.php\/wp-json\/wp\/v2\/types\/page"}],"author":[{"embeddable":true,"href":"https:\/\/www.altrich.de\/index.php\/wp-json\/wp\/v2\/users\/1"}],"replies":[{"embeddable":true,"href":"https:\/\/www.altrich.de\/index.php\/wp-json\/wp\/v2\/comments?post=1313"}],"version-history":[{"count":30,"href":"https:\/\/www.altrich.de\/index.php\/wp-json\/wp\/v2\/pages\/1313\/revisions"}],"predecessor-version":[{"id":2945,"href":"https:\/\/www.altrich.de\/index.php\/wp-json\/wp\/v2\/pages\/1313\/revisions\/2945"}],"wp:attachment":[{"href":"https:\/\/www.altrich.de\/index.php\/wp-json\/wp\/v2\/media?parent=1313"}],"curies":[{"name":"wp","href":"https:\/\/api.w.org\/{rel}","templated":true}]}}